{"version":"1.0","provider_name":"CFAJ\/DFJA","provider_url":"https:\/\/dfja.eu\/fr\/","author_name":"Luise B\u00f6ttcher","author_url":"https:\/\/dfja.eu\/fr\/author\/luise-boettcher\/","title":"La CFAJ invit\u00e9e par l'association de jumelage Partnerschaftsverband Rheinland-Pfalz\/4er-Netzwerk e.V. \u00e0 Mayence - CFAJ\/DFJA","type":"rich","width":600,"height":338,"html":"<blockquote class=\"wp-embedded-content\" data-secret=\"YrGX7Kn1N0\"><a href=\"https:\/\/dfja.eu\/fr\/la-cfaj-invitee-a-mayence\/\">La CFAJ invit\u00e9e par l&rsquo;association de jumelage Partnerschaftsverband  Rheinland-Pfalz\/4er-Netzwerk e.V. \u00e0 Mayence<\/a><\/blockquote><iframe sandbox=\"allow-scripts\" security=\"restricted\" src=\"https:\/\/dfja.eu\/fr\/la-cfaj-invitee-a-mayence\/embed\/#?secret=YrGX7Kn1N0\" width=\"600\" height=\"338\" title=\"\u00ab\u00a0La CFAJ invit\u00e9e par l&rsquo;association de jumelage Partnerschaftsverband  Rheinland-Pfalz\/4er-Netzwerk e.V. \u00e0 Mayence\u00a0\u00bb &#8212; CFAJ\/DFJA\" data-secret=\"YrGX7Kn1N0\" frameborder=\"0\" marginwidth=\"0\" marginheight=\"0\" scrolling=\"no\" class=\"wp-embedded-content\"><\/iframe><script type=\"text\/javascript\">\n\/* <![CDATA[ *\/\n\/*! This file is auto-generated *\/\n!function(d,l){\"use strict\";l.querySelector&&d.addEventListener&&\"undefined\"!=typeof URL&&(d.wp=d.wp||{},d.wp.receiveEmbedMessage||(d.wp.receiveEmbedMessage=function(e){var t=e.data;if((t||t.secret||t.message||t.value)&&!\/[^a-zA-Z0-9]\/.test(t.secret)){for(var s,r,n,a=l.querySelectorAll('iframe[data-secret=\"'+t.secret+'\"]'),o=l.querySelectorAll('blockquote[data-secret=\"'+t.secret+'\"]'),c=new RegExp(\"^https?:$\",\"i\"),i=0;i<o.length;i++)o[i].style.display=\"none\";for(i=0;i<a.length;i++)s=a[i],e.source===s.contentWindow&&(s.removeAttribute(\"style\"),\"height\"===t.message?(1e3<(r=parseInt(t.value,10))?r=1e3:~~r<200&&(r=200),s.height=r):\"link\"===t.message&&(r=new URL(s.getAttribute(\"src\")),n=new URL(t.value),c.test(n.protocol))&&n.host===r.host&&l.activeElement===s&&(d.top.location.href=t.value))}},d.addEventListener(\"message\",d.wp.receiveEmbedMessage,!1),l.addEventListener(\"DOMContentLoaded\",function(){for(var e,t,s=l.querySelectorAll(\"iframe.wp-embedded-content\"),r=0;r<s.length;r++)(t=(e=s[r]).getAttribute(\"data-secret\"))||(t=Math.random().toString(36).substring(2,12),e.src+=\"#?secret=\"+t,e.setAttribute(\"data-secret\",t)),e.contentWindow.postMessage({message:\"ready\",secret:t},\"*\")},!1)))}(window,document);\n\/\/# sourceURL=https:\/\/dfja.eu\/wp-includes\/js\/wp-embed.min.js\n\/* ]]> *\/\n<\/script>\n","description":"L&rsquo;association de jumelage Rh\u00e9nanie-Palatinat, Bourgogne-Franche-Comt\u00e9, Opole, Boh\u00e8me centrale &#8211; Partnerschaftsverband Rheinland-Pfalz\/4er-Netzwerk e.V. &#8211; a organis\u00e9 son Assembl\u00e9e g\u00e9n\u00e9rale le 10 mars au Landtag de Rh\u00e9nanie-Palatinat \u00e0 Mayence. Pour la premi\u00e8re ...","thumbnail_url":"https:\/\/dfja.eu\/wp-content\/uploads\/2023\/06\/plenum-mainz-1-1024x667.png"}