{"version":"1.0","provider_name":"CFAJ\/DFJA","provider_url":"https:\/\/dfja.eu\/fr\/","author_name":"Lara Wynne","author_url":"https:\/\/dfja.eu\/fr\/author\/lara-wynne\/","title":"R\u00e9trospective de l'assembl\u00e9e g\u00e9n\u00e9rale 2025 \u00e0 Strasbourg - CFAJ\/DFJA","type":"rich","width":600,"height":338,"html":"<blockquote class=\"wp-embedded-content\" data-secret=\"DKPc99LeVN\"><a href=\"https:\/\/dfja.eu\/fr\/retrospective-de-lassemblee-generale-2025-a-strasbourg\/\">R\u00e9trospective de l&rsquo;assembl\u00e9e g\u00e9n\u00e9rale 2025 \u00e0 Strasbourg<\/a><\/blockquote><iframe sandbox=\"allow-scripts\" security=\"restricted\" src=\"https:\/\/dfja.eu\/fr\/retrospective-de-lassemblee-generale-2025-a-strasbourg\/embed\/#?secret=DKPc99LeVN\" width=\"600\" height=\"338\" title=\"\u00ab\u00a0R\u00e9trospective de l&rsquo;assembl\u00e9e g\u00e9n\u00e9rale 2025 \u00e0 Strasbourg\u00a0\u00bb &#8212; CFAJ\/DFJA\" data-secret=\"DKPc99LeVN\" frameborder=\"0\" marginwidth=\"0\" marginheight=\"0\" scrolling=\"no\" class=\"wp-embedded-content\"><\/iframe><script type=\"text\/javascript\">\n\/* <![CDATA[ *\/\n\/*! This file is auto-generated *\/\n!function(d,l){\"use strict\";l.querySelector&&d.addEventListener&&\"undefined\"!=typeof URL&&(d.wp=d.wp||{},d.wp.receiveEmbedMessage||(d.wp.receiveEmbedMessage=function(e){var t=e.data;if((t||t.secret||t.message||t.value)&&!\/[^a-zA-Z0-9]\/.test(t.secret)){for(var s,r,n,a=l.querySelectorAll('iframe[data-secret=\"'+t.secret+'\"]'),o=l.querySelectorAll('blockquote[data-secret=\"'+t.secret+'\"]'),c=new RegExp(\"^https?:$\",\"i\"),i=0;i<o.length;i++)o[i].style.display=\"none\";for(i=0;i<a.length;i++)s=a[i],e.source===s.contentWindow&&(s.removeAttribute(\"style\"),\"height\"===t.message?(1e3<(r=parseInt(t.value,10))?r=1e3:~~r<200&&(r=200),s.height=r):\"link\"===t.message&&(r=new URL(s.getAttribute(\"src\")),n=new URL(t.value),c.test(n.protocol))&&n.host===r.host&&l.activeElement===s&&(d.top.location.href=t.value))}},d.addEventListener(\"message\",d.wp.receiveEmbedMessage,!1),l.addEventListener(\"DOMContentLoaded\",function(){for(var e,t,s=l.querySelectorAll(\"iframe.wp-embedded-content\"),r=0;r<s.length;r++)(t=(e=s[r]).getAttribute(\"data-secret\"))||(t=Math.random().toString(36).substring(2,12),e.src+=\"#?secret=\"+t,e.setAttribute(\"data-secret\",t)),e.contentWindow.postMessage({message:\"ready\",secret:t},\"*\")},!1)))}(window,document);\n\/\/# sourceURL=https:\/\/dfja.eu\/wp-includes\/js\/wp-embed.min.js\n\/* ]]> *\/\n<\/script>\n","thumbnail_url":"https:\/\/dfja.eu\/wp-content\/uploads\/2025\/12\/PHOTO-2025-12-18-20-24-11-scaled.jpg","thumbnail_width":1920,"thumbnail_height":2560,"description":"Le 22 novembre, l\u2019assembl\u00e9e&nbsp;g\u00e9n\u00e9rale&nbsp;annuelle de la CFAJ&nbsp;s\u2019est&nbsp;tenue&nbsp;\u00e0 l\u2019issue de la rencontre de visions.&nbsp;Elle s\u2019est d\u00e9roul\u00e9e en format hybride, au Centre&nbsp;europ\u00e9en&nbsp;de la&nbsp;jeunesse&nbsp;de Strasbourg et en&nbsp;ligne&nbsp;via Microsoft Teams.&nbsp; Pour&nbsp;notre&nbsp;association,&nbsp;cette&nbsp;assembl\u00e9e&nbsp;g\u00e9n\u00e9rale&nbsp;annuelle ne&nbsp;constitue&nbsp;pas&nbsp;seulement&nbsp;une&nbsp;obligation&nbsp;statutaire. Elle&nbsp;repr\u00e9sente&nbsp;aussi&nbsp;un&nbsp;moment&nbsp;privil\u00e9gi\u00e9&nbsp;pour&nbsp;revenir&nbsp;collectivement&nbsp;sur&nbsp;l\u2019ann\u00e9e&nbsp;associative pass\u00e9e. ..."}